{"id":269,"date":"2025-10-16T23:37:42","date_gmt":"2025-10-16T20:37:42","guid":{"rendered":"https:\/\/www.uneuniversiteavivre.fr\/?page_id=269"},"modified":"2026-03-12T12:26:29","modified_gmt":"2026-03-12T09:26:29","slug":"nos-candidats-2","status":"publish","type":"page","link":"https:\/\/www.uneuniversiteavivre.fr\/index.php\/nos-candidats-2\/","title":{"rendered":"Nos candidats CA"},"content":{"rendered":"\n<h1 class=\"wp-block-heading has-text-align-center\"><mark style=\"background-color:rgba(0, 0, 0, 0)\" class=\"has-inline-color has-accent-color\"><strong>Listes pour le Conseil d&rsquo;Administration de la pr\u00e9c\u00e9dente \u00e9lection<\/strong><\/mark><\/h1>\n\n\n\n<h2 class=\"wp-block-heading\"><mark style=\"background-color:rgba(0, 0, 0, 0)\" class=\"has-inline-color has-accent-color\"><strong>Coll\u00e8ge A<\/strong><\/mark><\/h2>\n\n\n\n<figure class=\"wp-block-table is-style-stripes\"><table class=\"has-fixed-layout\"><tbody><tr><td><strong>Nom<\/strong><\/td><td><strong>Discipline<\/strong><\/td><td><strong>Campus<\/strong><\/td><\/tr><tr><td>Thierry Serre<\/td><td>M\u00e9canique<\/td><td>M\u00e9diterran\u00e9e<\/td><\/tr><tr><td>Isabelle Chalendar<\/td><td>Math\u00e9matiques<\/td><td>Marne-la-Vall\u00e9e<\/td><\/tr><tr><td>Malal Kane<\/td><td>M\u00e9canique<\/td><td>Nantes<\/td><\/tr><tr><td>Ga\u00eblle Lissorgues<\/td><td>\u00c9lectronique<\/td><td>Marne-la-Vall\u00e9e<\/td><\/tr><tr><td>Vincent Lemire<\/td><td>Histoire<\/td><td>Marne-la-Vall\u00e9e<\/td><\/tr><tr><td>Tita Kyriacopoulou<\/td><td>Informatique<\/td><td>Marne-la-Vall\u00e9e<\/td><\/tr><tr><td>Mahdi Zargayouna<\/td><td>Informatique<\/td><td>Marne-la-Vall\u00e9e<\/td><\/tr><tr><td>C\u00e9cile Collinet<\/td><td>STAPS<\/td><td>Marne-la-Vall\u00e9e<\/td><\/tr><tr><td>Daniel Lecler<\/td><td>Espagnol<\/td><td>Marne-la-Vall\u00e9e<\/td><\/tr><tr><td>Florence Rouyer<\/td><td>Physique<\/td><td>Marne-la-Vall\u00e9e<\/td><\/tr><\/tbody><\/table><\/figure>\n\n\n\n<hr class=\"wp-block-separator has-alpha-channel-opacity\"\/>\n\n\n\n<h2 class=\"wp-block-heading\"><mark style=\"background-color:rgba(0, 0, 0, 0)\" class=\"has-inline-color has-accent-color\"><strong>Coll\u00e8ge B<\/strong><\/mark><\/h2>\n\n\n\n<figure class=\"wp-block-table is-style-stripes\"><table class=\"has-fixed-layout\"><tbody><tr><td><strong>Nom<\/strong><\/td><td><strong>Discipline<\/strong><\/td><td><strong>Campus<\/strong><\/td><\/tr><tr><td>Nicolas Borie<\/td><td>Informatique<\/td><td>Marne-la-Vall\u00e9e<\/td><\/tr><tr><td>Aur\u00e9lie-Sara Cognat<\/td><td>Gestion<\/td><td>Marne-la-Vall\u00e9e<\/td><\/tr><tr><td>Denis Bureau<\/td><td>Informatique<\/td><td>Marne-la-Vall\u00e9e<\/td><\/tr><tr><td>Manuela Gennesseaux<\/td><td>S\u00e9curit\u00e9 routi\u00e8re<\/td><td>Nantes<\/td><\/tr><tr><td>Romain Menini<\/td><td>Litt\u00e9rature<\/td><td>Marne-la-Vall\u00e9e<\/td><\/tr><tr><td>Divitha Seetharamdoo<\/td><td>\u00c9lectromagn\u00e9tisme<\/td><td>Marne-la-Vall\u00e9e<\/td><\/tr><tr><td>Cl\u00e9ment Trellu<\/td><td>G\u00e9nie Chimique<\/td><td>Marne-la-Vall\u00e9e<\/td><\/tr><tr><td>Rola Hussant-Zebian<\/td><td>Gestion<\/td><td>Marne-la-Vall\u00e9e<\/td><\/tr><tr><td>Vincent Pens\u00e9e<\/td><td>G\u00e9nie civil<\/td><td>Marne-la-Vall\u00e9e<\/td><\/tr><tr><td>Katia Laffrechine<\/td><td>G\u00e9nie urbain<\/td><td>Marne-la-Vall\u00e9e<\/td><\/tr><\/tbody><\/table><\/figure>\n\n\n\n<hr class=\"wp-block-separator has-alpha-channel-opacity\"\/>\n\n\n\n<h2 class=\"wp-block-heading\"><mark style=\"background-color:rgba(0, 0, 0, 0)\" class=\"has-inline-color has-accent-color\"><strong>Coll\u00e8ge C<\/strong><\/mark><\/h2>\n\n\n\n<figure class=\"wp-block-table is-style-stripes\"><table class=\"has-fixed-layout\"><tbody><tr><td><strong>Nom<\/strong><\/td><td><strong>Fonction<\/strong><\/td><td><strong>Campus<\/strong><\/td><\/tr><tr><td>Cl\u00e9mence Garnier<\/td><td>Responsable mission DDRS<\/td><td>Marne-la-Vall\u00e9e<\/td><\/tr><tr><td>Maxime Llari<\/td><td>Ing\u00e9nieur de Recherche au LBA<\/td><td>M\u00e9diterran\u00e9e<\/td><\/tr><tr><td>M\u00e9linda Venant<\/td><td>Responsable Administrative de l&rsquo;IUT<\/td><td>Marne-la-Vall\u00e9e<\/td><\/tr><tr><td>Franck Lavocat<\/td><td>Ing\u00e9nieur de Recherche \u00e0 la DGDIN<\/td><td>Marne-la-Vall\u00e9e<\/td><\/tr><tr><td>Val\u00e9rie Osmont<\/td><td>Assistante de direction du LBA<\/td><td>M\u00e9diterran\u00e9e<\/td><\/tr><tr><td>Philippe Bonanaud<\/td><td>Responsable d\u00e9veloppement plateforme Transpolis<\/td><td>Lyon<\/td><\/tr><\/tbody><\/table><\/figure>\n\n\n\n<hr class=\"wp-block-separator has-alpha-channel-opacity\"\/>\n\n\n\n<p><\/p>\n","protected":false},"excerpt":{"rendered":"<p>Listes pour le Conseil d&rsquo;Administration de la pr\u00e9c\u00e9dente \u00e9lection Coll\u00e8ge A Nom Discipline Campus Thierry Serre M\u00e9canique M\u00e9diterran\u00e9e Isabelle Chalendar Math\u00e9matiques Marne-la-Vall\u00e9e Malal Kane M\u00e9canique Nantes Ga\u00eblle Lissorgues \u00c9lectronique Marne-la-Vall\u00e9e Vincent Lemire Histoire Marne-la-Vall\u00e9e Tita Kyriacopoulou Informatique Marne-la-Vall\u00e9e Mahdi Zargayouna Informatique Marne-la-Vall\u00e9e C\u00e9cile Collinet STAPS Marne-la-Vall\u00e9e Daniel Lecler Espagnol Marne-la-Vall\u00e9e [&hellip;]<\/p>\n","protected":false},"author":1,"featured_media":0,"parent":0,"menu_order":0,"comment_status":"closed","ping_status":"closed","template":"","meta":{"footnotes":""},"class_list":["post-269","page","type-page","status-publish","hentry"],"jetpack_sharing_enabled":true,"_links":{"self":[{"href":"https:\/\/www.uneuniversiteavivre.fr\/index.php\/wp-json\/wp\/v2\/pages\/269","targetHints":{"allow":["GET"]}}],"collection":[{"href":"https:\/\/www.uneuniversiteavivre.fr\/index.php\/wp-json\/wp\/v2\/pages"}],"about":[{"href":"https:\/\/www.uneuniversiteavivre.fr\/index.php\/wp-json\/wp\/v2\/types\/page"}],"author":[{"embeddable":true,"href":"https:\/\/www.uneuniversiteavivre.fr\/index.php\/wp-json\/wp\/v2\/users\/1"}],"replies":[{"embeddable":true,"href":"https:\/\/www.uneuniversiteavivre.fr\/index.php\/wp-json\/wp\/v2\/comments?post=269"}],"version-history":[{"count":25,"href":"https:\/\/www.uneuniversiteavivre.fr\/index.php\/wp-json\/wp\/v2\/pages\/269\/revisions"}],"predecessor-version":[{"id":570,"href":"https:\/\/www.uneuniversiteavivre.fr\/index.php\/wp-json\/wp\/v2\/pages\/269\/revisions\/570"}],"wp:attachment":[{"href":"https:\/\/www.uneuniversiteavivre.fr\/index.php\/wp-json\/wp\/v2\/media?parent=269"}],"curies":[{"name":"wp","href":"https:\/\/api.w.org\/{rel}","templated":true}]}}