{"id":286,"date":"2025-10-17T10:48:30","date_gmt":"2025-10-17T07:48:30","guid":{"rendered":"https:\/\/www.uneuniversiteavivre.fr\/?page_id=286"},"modified":"2026-03-12T12:52:21","modified_gmt":"2026-03-12T09:52:21","slug":"nos-candidats-cac","status":"publish","type":"page","link":"https:\/\/www.uneuniversiteavivre.fr\/index.php\/nos-candidats-cac\/","title":{"rendered":"Nos candidats CAC"},"content":{"rendered":"\n<h1 class=\"wp-block-heading has-text-align-center\"><mark style=\"background-color:rgba(0, 0, 0, 0)\" class=\"has-inline-color has-accent-color\"><strong>Listes pour le Conseil Acad\u00e9mique<\/strong><\/mark><\/h1>\n\n\n\n<h2 class=\"wp-block-heading\"><mark style=\"background-color:rgba(0, 0, 0, 0)\" class=\"has-inline-color has-accent-color\"><strong>Coll\u00e8ge A<\/strong><\/mark><\/h2>\n\n\n\n<figure class=\"wp-block-table is-style-stripes\"><table class=\"has-fixed-layout\"><tbody><tr><td><strong>Nom<\/strong><\/td><td><strong>Discipline<\/strong><\/td><td><strong>Campus<\/strong><\/td><\/tr><tr><td>Isabelle Navizet<\/td><td>Chimie<\/td><td>Marne-la-Vall\u00e9e<\/td><\/tr><tr><td>Eric Gaume<\/td><td>Hydrologie<\/td><td>Nantes<\/td><\/tr><tr><td>Laetitia Van Schoors<\/td><td>Physique<\/td><td>Marne-la-Vall\u00e9e<\/td><\/tr><tr><td>David Mitton<\/td><td>Biom\u00e9canique<\/td><td>Lyon<\/td><\/tr><tr><td>Anna Rosellini<\/td><td>Architecture<\/td><td>Marne-la-Vall\u00e9e<\/td><\/tr><tr><td>Arnaud Carayol<\/td><td>Informatique<\/td><td>Marne-la-Vall\u00e9e<\/td><\/tr><tr><td>Carole Aurouet<\/td><td>Arts<\/td><td>Marne-la-Vall\u00e9e<\/td><\/tr><tr><td>Giuliano Milani<\/td><td>Histoire<\/td><td>Marne-la-Vall\u00e9e<\/td><\/tr><tr><td>Sophie Rieunier<\/td><td>Gestion<\/td><td>Marne-la-Vall\u00e9e<\/td><\/tr><tr><td>Lamine Dieng<\/td><td>M\u00e9canique<\/td><td>Nantes<\/td><\/tr><tr><td>Juliette Marais<\/td><td>GNSS<\/td><td>Lille<\/td><\/tr><tr><td>Benoit Gauvreau<\/td><td>Acoustique<\/td><td>Nantes<\/td><\/tr><tr><td>Laurence Paire-Ficout<\/td><td>Psychologie cognitive<\/td><td>Lyon<\/td><\/tr><tr><td>Olivier Gu\u00e9don<\/td><td>Math\u00e9matiques<\/td><td>Marne-la-Vall\u00e9e<\/td><\/tr><tr><td>Fr\u00e9d\u00e9rique Hernandez<\/td><td>Am\u00e9nagement du territoire<\/td><td>M\u00e9diterran\u00e9e<\/td><\/tr><tr><td>Rochdi Trigui<\/td><td>Transport<\/td><td>Lyon<\/td><\/tr><tr><td>Aur\u00e9lie Dommes<\/td><td>Psychologie<\/td><td>Satory<\/td><\/tr><tr><td>Julien Yvonnet<\/td><td>M\u00e9canique<\/td><td>Marne-la-Vall\u00e9e<\/td><\/tr><tr><td>Muriel Jougleux<\/td><td>Gestion<\/td><td>Marne-la-Vall\u00e9e<\/td><\/tr><tr><td>Pascal Ughetto<\/td><td>Sociologie<\/td><td>Marne-la-Vall\u00e9e<\/td><\/tr><\/tbody><\/table><\/figure>\n\n\n\n<hr class=\"wp-block-separator has-alpha-channel-opacity\"\/>\n\n\n\n<h2 class=\"wp-block-heading\"><mark style=\"background-color:rgba(0, 0, 0, 0)\" class=\"has-inline-color has-accent-color\"><strong>Coll\u00e8ge B1<\/strong><\/mark><\/h2>\n\n\n\n<figure class=\"wp-block-table is-style-stripes\"><table class=\"has-fixed-layout\"><tbody><tr><td><strong>Nom<\/strong><\/td><td><strong>Discipline<\/strong><\/td><td><strong>Campus<\/strong><\/td><\/tr><tr><td>Sophie Moreau<\/td><td>G\u00e9ographie<\/td><td>Marne-la-Vall\u00e9e<\/td><\/tr><tr><td>Renaud-Pierre Martin<\/td><td>G\u00e9nie Civil<\/td><td>Marne-la-Vall\u00e9e<\/td><\/tr><tr><td>Anne-Sophie Evrard<\/td><td>\u00c9pid\u00e9miologiste<\/td><td>Lyon<\/td><\/tr><tr><td>David Doyen<\/td><td>Math\u00e9matiques<\/td><td>Marne-la-Vall\u00e9e<\/td><\/tr><tr><td>Rita Der Sarkissian<\/td><td>Urbanisme<\/td><td>Marne-la-Vall\u00e9e<\/td><\/tr><tr><td>Julien Leopoldes<\/td><td>Physique<\/td><td>Marne-la-Vall\u00e9e<\/td><\/tr><tr><td>Marine de Talanc\u00e9<\/td><td>Economie<\/td><td>Marne-la-Vall\u00e9e<\/td><\/tr><tr><td>Thibault Badinier<\/td><td>G\u00e9otechnique<\/td><td>Marne-la-Vall\u00e9e<\/td><\/tr><tr><td>Marie-Elise Palmier<\/td><td>Etudes anglaises<\/td><td>Marne-la-Vall\u00e9e<\/td><\/tr><tr><td>Eric Gautier Laurent<\/td><td>Gestion<\/td><td>Marne-la-Vall\u00e9e<\/td><\/tr><tr><td>Alexandra Fort-Talabard<\/td><td>Neuroergonomie<\/td><td>Lyon<\/td><\/tr><tr><td>S\u00e9bastien Ambellouis<\/td><td>Syst\u00e8mes Num\u00e9riques<\/td><td>Lille<\/td><\/tr><tr><td>Katia Chancibault<\/td><td>Hydrologie<\/td><td>Nantes<\/td><\/tr><tr><td>Guillaume Dupetit<\/td><td>Musicologie<\/td><td>Marne-la-Vall\u00e9e<\/td><\/tr><\/tbody><\/table><\/figure>\n\n\n\n<hr class=\"wp-block-separator has-alpha-channel-opacity\"\/>\n\n\n\n<h2 class=\"wp-block-heading\"><mark style=\"background-color:rgba(0, 0, 0, 0)\" class=\"has-inline-color has-accent-color\"><strong>Coll\u00e8ge B2<\/strong><\/mark><\/h2>\n\n\n\n<figure class=\"wp-block-table is-style-stripes\"><table class=\"has-fixed-layout\"><tbody><tr><td><strong>Nom<\/strong><\/td><td><strong>Discipline<\/strong><\/td><td><strong>Campus<\/strong><\/td><\/tr><tr><td>Laurence Vigier<\/td><td>Langues<\/td><td>Marne-la-Vall\u00e9e<\/td><\/tr><tr><td>Keveen Carreras<\/td><td>STAPS<\/td><td>Marne-la-Vall\u00e9e<\/td><\/tr><tr><td>St\u00e9phanie Delisle<\/td><td>\u00c9conomie &#8211; Gestion<\/td><td>Marne-la-Vall\u00e9e<\/td><\/tr><tr><td>Sacha Bensahel Mercier <\/td><td>Gestion<\/td><td>Marne-la-Vall\u00e9e<\/td><\/tr><tr><td>Anne-Laure Lozano<\/td><td>\u00c9nerg\u00e9tique<\/td><td>Marne-la-Vall\u00e9e<\/td><\/tr><tr><td>Kheiredine Reziouk<\/td><td>Gestion<\/td><td>Marne-la-Vall\u00e9e<\/td><\/tr><\/tbody><\/table><\/figure>\n\n\n\n<hr class=\"wp-block-separator has-alpha-channel-opacity\"\/>\n\n\n\n<h2 class=\"wp-block-heading\"><mark style=\"background-color:rgba(0, 0, 0, 0)\" class=\"has-inline-color has-accent-color\"><strong>Candidat du coll\u00e8ge C lors de la pr\u00e9c\u00e9dente \u00e9lection<\/strong><\/mark> <\/h2>\n\n\n\n<figure class=\"wp-block-table is-style-stripes\"><table class=\"has-fixed-layout\"><tbody><tr><td><strong>Nom<\/strong><\/td><td><strong>Fonction<\/strong><\/td><td><strong>Campus<\/strong><\/td><\/tr><tr><td>Marc-St\u00e9phane Makadji<\/td><td>Administrateur syst\u00e8me de la DGDIN<\/td><td>Marne-la-Vall\u00e9e<\/td><\/tr><tr><td>Marie-Nicole Cange<\/td><td>Responsable de service de la DGDRH<\/td><td>Marne-la-Vall\u00e9e<\/td><\/tr><tr><td>Philippe Touze<\/td><td>Responsable de d\u00e9partement de la DGDAF<\/td><td>Marne-la-Vall\u00e9e<\/td><\/tr><tr><td>Agn\u00e8s Ntep<\/td><td>Secr\u00e9taire p\u00e9dagogique \u00e0 l&rsquo;UFR SHS<\/td><td>Marne-la-Vall\u00e9e<\/td><\/tr><tr><td>Laurent Ong<\/td><td>Responsable de la communication \u00e0 GeoData Paris<\/td><td>Marne-la-Vall\u00e9e<\/td><\/tr><tr><td>Lidwine Crampon<\/td><td>Secr\u00e9taire g\u00e9n\u00e9rale d\u00e9l\u00e9gu\u00e9e du campus de Lille<\/td><td>Lille<\/td><\/tr><tr><td>St\u00e9phane Docet<\/td><td>Responsable de service SUAPS<\/td><td>Marne-la-Vall\u00e9e<\/td><\/tr><tr><td>Claire Spilmann<\/td><td>Directrice de la communication de l&rsquo;ESIEE<\/td><td>Marne-la-Vall\u00e9e<\/td><\/tr><\/tbody><\/table><\/figure>\n\n\n\n<hr class=\"wp-block-separator has-alpha-channel-opacity\"\/>\n","protected":false},"excerpt":{"rendered":"<p>Listes pour le Conseil Acad\u00e9mique Coll\u00e8ge A Nom Discipline Campus Isabelle Navizet Chimie Marne-la-Vall\u00e9e Eric Gaume Hydrologie Nantes Laetitia Van Schoors Physique Marne-la-Vall\u00e9e David Mitton Biom\u00e9canique Lyon Anna Rosellini Architecture Marne-la-Vall\u00e9e Arnaud Carayol Informatique Marne-la-Vall\u00e9e Carole Aurouet Arts Marne-la-Vall\u00e9e Giuliano Milani Histoire Marne-la-Vall\u00e9e Sophie Rieunier Gestion Marne-la-Vall\u00e9e Lamine Dieng M\u00e9canique [&hellip;]<\/p>\n","protected":false},"author":1,"featured_media":0,"parent":0,"menu_order":0,"comment_status":"closed","ping_status":"closed","template":"","meta":{"footnotes":""},"class_list":["post-286","page","type-page","status-publish","hentry"],"jetpack_sharing_enabled":true,"_links":{"self":[{"href":"https:\/\/www.uneuniversiteavivre.fr\/index.php\/wp-json\/wp\/v2\/pages\/286","targetHints":{"allow":["GET"]}}],"collection":[{"href":"https:\/\/www.uneuniversiteavivre.fr\/index.php\/wp-json\/wp\/v2\/pages"}],"about":[{"href":"https:\/\/www.uneuniversiteavivre.fr\/index.php\/wp-json\/wp\/v2\/types\/page"}],"author":[{"embeddable":true,"href":"https:\/\/www.uneuniversiteavivre.fr\/index.php\/wp-json\/wp\/v2\/users\/1"}],"replies":[{"embeddable":true,"href":"https:\/\/www.uneuniversiteavivre.fr\/index.php\/wp-json\/wp\/v2\/comments?post=286"}],"version-history":[{"count":26,"href":"https:\/\/www.uneuniversiteavivre.fr\/index.php\/wp-json\/wp\/v2\/pages\/286\/revisions"}],"predecessor-version":[{"id":587,"href":"https:\/\/www.uneuniversiteavivre.fr\/index.php\/wp-json\/wp\/v2\/pages\/286\/revisions\/587"}],"wp:attachment":[{"href":"https:\/\/www.uneuniversiteavivre.fr\/index.php\/wp-json\/wp\/v2\/media?parent=286"}],"curies":[{"name":"wp","href":"https:\/\/api.w.org\/{rel}","templated":true}]}}