{"id":302,"date":"2025-10-17T16:40:46","date_gmt":"2025-10-17T13:40:46","guid":{"rendered":"https:\/\/www.uneuniversiteavivre.fr\/?page_id=302"},"modified":"2026-03-12T12:26:00","modified_gmt":"2026-03-12T09:26:00","slug":"nos-candidats-3","status":"publish","type":"page","link":"https:\/\/www.uneuniversiteavivre.fr\/index.php\/nos-candidats-3\/","title":{"rendered":"Nos candidats"},"content":{"rendered":"\n<p><br>Nous avons voulu une liste <strong>f\u00e9d\u00e9ratrice<\/strong> regroupant des repr\u00e9sentant.es des diff\u00e9rents campus, \u00e9coles, disciplines et statuts afin que <strong>toutes et tous<\/strong> soient d\u00e9fendu.es et repr\u00e9sent\u00e9.es par des \u00e9lu.es les connaissant et que vous connaissez.<br><strong>Notre collectif est notre force\u00a0!<\/strong><\/p>\n\n\n\n<h1 class=\"wp-block-heading alignwide\"><mark style=\"background-color:rgba(0, 0, 0, 0)\" class=\"has-inline-color has-accent-color\"><strong>Compositions de nos listes pour le Conseil Acad\u00e9mique<\/strong><\/mark><\/h1>\n\n\n\n<p>Sur les coll\u00e8ges A, B1 et B2 du CAC, nous revendiquons\u00a0:<\/p>\n\n\n\n<ul class=\"wp-block-list\">\n<li><strong>12 \u00e9lu.e.s des campus non franciliens<\/strong><\/li>\n\n\n\n<li><strong>2 \u00e9lues des \u00e9coles<\/strong><\/li>\n\n\n\n<li><strong>14 \u00e9lu.e.s de sciences humaines et sociales<\/strong><\/li>\n\n\n\n<li><strong>20 \u00e9lu.e.s de sciences pour l\u2019ing\u00e9nieur<\/strong><\/li>\n<\/ul>\n\n\n\n<p><strong><mark style=\"background-color:rgba(0, 0, 0, 0)\" class=\"has-inline-color has-accent-color\"><a href=\"https:\/\/www.uneuniversiteavivre.fr\/index.php\/nos-candidats-cac\/\">Voir les candidats de nos listes pour le Conseil Acad\u00e9mique<\/a><\/mark><\/strong><\/p>\n\n\n\n<h2 class=\"wp-block-heading alignwide\"><mark style=\"background-color:rgba(0, 0, 0, 0)\" class=\"has-inline-color has-accent-color\"><strong>Compositions des listes des anciennes \u00e9lections<\/strong><\/mark><\/h2>\n\n\n\n<p><strong><mark style=\"background-color:rgba(0, 0, 0, 0)\" class=\"has-inline-color has-accent-color\"><a href=\"https:\/\/www.uneuniversiteavivre.fr\/index.php\/nos-candidats-2\/\">Voir les candidats de nos listes pour le Conseil d&rsquo;Administration<\/a><\/mark><\/strong> de la pr\u00e9c\u00e9dente \u00e9lection<\/p>\n\n\n\n<p><strong><mark style=\"background-color:rgba(0, 0, 0, 0)\" class=\"has-inline-color has-accent-color\"><a href=\"https:\/\/www.uneuniversiteavivre.fr\/index.php\/nos-candidats-ccec\/\">Voir les candidats de nos listes pour la Commission Carri\u00e8re des Enseignants-Chercheur<\/a><\/mark><\/strong> de la pr\u00e9c\u00e9dente \u00e9lection<\/p>\n\n\n\n<hr class=\"wp-block-separator has-alpha-channel-opacity\"\/>\n\n\n\n<p><\/p>\n","protected":false},"excerpt":{"rendered":"<p>Nous avons voulu une liste f\u00e9d\u00e9ratrice regroupant des repr\u00e9sentant.es des diff\u00e9rents campus, \u00e9coles, disciplines et statuts afin que toutes et tous soient d\u00e9fendu.es et repr\u00e9sent\u00e9.es par des \u00e9lu.es les connaissant et que vous connaissez.Notre collectif est notre force\u00a0! Compositions de nos listes pour le Conseil Acad\u00e9mique Sur les coll\u00e8ges A, [&hellip;]<\/p>\n","protected":false},"author":1,"featured_media":0,"parent":0,"menu_order":0,"comment_status":"closed","ping_status":"closed","template":"","meta":{"footnotes":""},"class_list":["post-302","page","type-page","status-publish","hentry"],"jetpack_sharing_enabled":true,"_links":{"self":[{"href":"https:\/\/www.uneuniversiteavivre.fr\/index.php\/wp-json\/wp\/v2\/pages\/302","targetHints":{"allow":["GET"]}}],"collection":[{"href":"https:\/\/www.uneuniversiteavivre.fr\/index.php\/wp-json\/wp\/v2\/pages"}],"about":[{"href":"https:\/\/www.uneuniversiteavivre.fr\/index.php\/wp-json\/wp\/v2\/types\/page"}],"author":[{"embeddable":true,"href":"https:\/\/www.uneuniversiteavivre.fr\/index.php\/wp-json\/wp\/v2\/users\/1"}],"replies":[{"embeddable":true,"href":"https:\/\/www.uneuniversiteavivre.fr\/index.php\/wp-json\/wp\/v2\/comments?post=302"}],"version-history":[{"count":19,"href":"https:\/\/www.uneuniversiteavivre.fr\/index.php\/wp-json\/wp\/v2\/pages\/302\/revisions"}],"predecessor-version":[{"id":569,"href":"https:\/\/www.uneuniversiteavivre.fr\/index.php\/wp-json\/wp\/v2\/pages\/302\/revisions\/569"}],"wp:attachment":[{"href":"https:\/\/www.uneuniversiteavivre.fr\/index.php\/wp-json\/wp\/v2\/media?parent=302"}],"curies":[{"name":"wp","href":"https:\/\/api.w.org\/{rel}","templated":true}]}}