{"id":351,"date":"2025-10-18T18:27:34","date_gmt":"2025-10-18T15:27:34","guid":{"rendered":"https:\/\/www.uneuniversiteavivre.fr\/?page_id=351"},"modified":"2025-10-22T11:58:52","modified_gmt":"2025-10-22T08:58:52","slug":"nos-candidats-ccec","status":"publish","type":"page","link":"https:\/\/www.uneuniversiteavivre.fr\/index.php\/nos-candidats-ccec\/","title":{"rendered":"Nos candidats CCEC"},"content":{"rendered":"\n<h1 class=\"wp-block-heading has-text-align-center\"><mark style=\"background-color:rgba(0, 0, 0, 0)\" class=\"has-inline-color has-accent-color\"><strong>Listes pour la Commission Carri\u00e8re des Enseignants Chercheurs<\/strong><\/mark><\/h1>\n\n\n\n<h2 class=\"wp-block-heading\"><mark style=\"background-color:rgba(0, 0, 0, 0)\" class=\"has-inline-color has-accent-color\"><strong>Coll\u00e8ge A<\/strong><\/mark><\/h2>\n\n\n\n<figure class=\"wp-block-table is-style-stripes\"><table class=\"has-fixed-layout\"><tbody><tr><td><strong>Nom<\/strong><\/td><td><strong>Discipline<\/strong><\/td><td><strong>Campus<\/strong><\/td><\/tr><tr><td>Jean-Christophe Novelli<\/td><td>Informatique<\/td><td>Marne-la-Vall\u00e9e<\/td><\/tr><tr><td>Florence Rouyer<\/td><td>Physique<\/td><td>Marne-la-Vall\u00e9e<\/td><\/tr><tr><td>Jean-Fran\u00e7ois Jacques<\/td><td>\u00c9conomie<\/td><td>Marne-la-Vall\u00e9e<\/td><\/tr><tr><td>C\u00e9cile Collinet<\/td><td>STAPS<\/td><td>Marne-la-Vall\u00e9e<\/td><\/tr><tr><td>Julien Yvonnet<\/td><td>M\u00e9canique<\/td><td>Marne-la-Vall\u00e9e<\/td><\/tr><tr><td>Florence Merlev\u00e8de<\/td><td>Math\u00e9matiques<\/td><td>Marne-la-Vall\u00e9e<\/td><\/tr><tr><td>Jean-Marc Laheurte<\/td><td>\u00c9lectronique<\/td><td>Marne-la-Vall\u00e9e<\/td><\/tr><tr><td>Pascale Petit<\/td><td>\u00c9conomie<\/td><td>Marne-la-Vall\u00e9e<\/td><\/tr><tr><td>Giuliano Milani<\/td><td>Histoire<\/td><td>Marne-la-Vall\u00e9e<\/td><\/tr><tr><td>Faten Ben Slimane<\/td><td>Gestion<\/td><td>Marne-la-Vall\u00e9e<\/td><\/tr><\/tbody><\/table><\/figure>\n\n\n\n<hr class=\"wp-block-separator has-alpha-channel-opacity\"\/>\n\n\n\n<h2 class=\"wp-block-heading\"><strong><mark style=\"background-color:rgba(0, 0, 0, 0)\" class=\"has-inline-color has-accent-color\">Coll\u00e8ge B<\/mark><\/strong><\/h2>\n\n\n\n<figure class=\"wp-block-table is-style-stripes\"><table class=\"has-fixed-layout\"><tbody><tr><td><strong>Nom<\/strong><\/td><td><strong>Discipline<\/strong><\/td><td><strong>Campus<\/strong><\/td><\/tr><tr><td>Juliette Azoulai<\/td><td>Litt\u00e9rature<\/td><td>Marne-la-Vall\u00e9e<\/td><\/tr><tr><td>Luc Deleaval<\/td><td>Math\u00e9matiques<\/td><td>Marne-la-Vall\u00e9e<\/td><\/tr><tr><td>Marie-Elise Palmier<\/td><td>Linguistique<\/td><td>Marne-la-Vall\u00e9e<\/td><\/tr><tr><td>Cl\u00e9ment Trellu<\/td><td>Chimie<\/td><td>Marne-la-Vall\u00e9e<\/td><\/tr><tr><td>Marine de Talanc\u00e9<\/td><td>\u00c9conomie<\/td><td>Marne-la-Vall\u00e9e<\/td><\/tr><tr><td>R\u00e9mi Forax<\/td><td>Informatique<\/td><td>Marne-la-Vall\u00e9e<\/td><\/tr><tr><td>Carole Halimi<\/td><td>Arts<\/td><td>Marne-la-Vall\u00e9e<\/td><\/tr><tr><td>Thierry Bonzon<\/td><td>Histoire<\/td><td>Marne-la-Vall\u00e9e<\/td><\/tr><tr><td>Francoise Utheza<\/td><td>M\u00e9canique<\/td><td>Marne-la-Vall\u00e9e<\/td><\/tr><tr><td>Julien Leopold\u00e8s<\/td><td>Physique<\/td><td>Marne-la-Vall\u00e9e<\/td><\/tr><\/tbody><\/table><\/figure>\n\n\n\n<hr class=\"wp-block-separator has-alpha-channel-opacity\"\/>\n","protected":false},"excerpt":{"rendered":"<p>Listes pour la Commission Carri\u00e8re des Enseignants Chercheurs Coll\u00e8ge A Nom Discipline Campus Jean-Christophe Novelli Informatique Marne-la-Vall\u00e9e Florence Rouyer Physique Marne-la-Vall\u00e9e Jean-Fran\u00e7ois Jacques \u00c9conomie Marne-la-Vall\u00e9e C\u00e9cile Collinet STAPS Marne-la-Vall\u00e9e Julien Yvonnet M\u00e9canique Marne-la-Vall\u00e9e Florence Merlev\u00e8de Math\u00e9matiques Marne-la-Vall\u00e9e Jean-Marc Laheurte \u00c9lectronique Marne-la-Vall\u00e9e Pascale Petit \u00c9conomie Marne-la-Vall\u00e9e Giuliano Milani Histoire Marne-la-Vall\u00e9e Faten [&hellip;]<\/p>\n","protected":false},"author":1,"featured_media":0,"parent":0,"menu_order":0,"comment_status":"closed","ping_status":"closed","template":"","meta":{"footnotes":""},"class_list":["post-351","page","type-page","status-publish","hentry"],"jetpack_sharing_enabled":true,"_links":{"self":[{"href":"https:\/\/www.uneuniversiteavivre.fr\/index.php\/wp-json\/wp\/v2\/pages\/351","targetHints":{"allow":["GET"]}}],"collection":[{"href":"https:\/\/www.uneuniversiteavivre.fr\/index.php\/wp-json\/wp\/v2\/pages"}],"about":[{"href":"https:\/\/www.uneuniversiteavivre.fr\/index.php\/wp-json\/wp\/v2\/types\/page"}],"author":[{"embeddable":true,"href":"https:\/\/www.uneuniversiteavivre.fr\/index.php\/wp-json\/wp\/v2\/users\/1"}],"replies":[{"embeddable":true,"href":"https:\/\/www.uneuniversiteavivre.fr\/index.php\/wp-json\/wp\/v2\/comments?post=351"}],"version-history":[{"count":6,"href":"https:\/\/www.uneuniversiteavivre.fr\/index.php\/wp-json\/wp\/v2\/pages\/351\/revisions"}],"predecessor-version":[{"id":495,"href":"https:\/\/www.uneuniversiteavivre.fr\/index.php\/wp-json\/wp\/v2\/pages\/351\/revisions\/495"}],"wp:attachment":[{"href":"https:\/\/www.uneuniversiteavivre.fr\/index.php\/wp-json\/wp\/v2\/media?parent=351"}],"curies":[{"name":"wp","href":"https:\/\/api.w.org\/{rel}","templated":true}]}}